{"id":6365,"date":"2023-05-01T10:26:30","date_gmt":"2023-05-01T17:26:30","guid":{"rendered":"https:\/\/acfa.ab.ca\/immigration-elections-provinciales\/"},"modified":"2023-05-02T14:24:42","modified_gmt":"2023-05-02T21:24:42","slug":"immigration-provincial-elections","status":"publish","type":"page","link":"https:\/\/acfa.ab.ca\/en\/immigration-provincial-elections\/","title":{"rendered":"Immigration &#8211; Provincial Elections"},"content":{"rendered":"<div class=\"wpb-content-wrapper\"><p>[vc_row type=&#8221;container&#8221;][vc_column][vc_column_text]<a href=\"https:\/\/acfa.ab.ca\/en\/provincial-elections-2023\/\"><img loading=\"lazy\" decoding=\"async\" class=\"alignnone wp-image-6267 size-full\" src=\"https:\/\/acfa.ab.ca\/wp-content\/uploads\/2023\/05\/ACFA_elections-BandeauWeb-Immi-scaled.jpg\" alt=\"\" width=\"2560\" height=\"474\" \/><\/a>[\/vc_column_text][vc_empty_space height=&#8221;22px&#8221;][vc_column_text]<\/p>\n<h3><span style=\"color: #003b71;\">Priority: Continue to increase Francophone immigration and ensure that sufficient resources in French are available to support reception and settlement services that facilitate the integration of Francophone newcomers.<\/span><\/h3>\n<p>[\/vc_column_text][vc_empty_space height=&#8221;22px&#8221;]\t<!-- Mission Vision -->\n\t<div class=\"theme-misionvision pt_0 pb_60\">\n\t\t<div class=\"row\">\n\t\t\t<div class=\"col-lg-6\">\n\t\t\t\t<div class=\"content-box\">\n\t\t\t\t\t<p>The linguistic data from Statistics Canada\u2019s 2021 Census confirms a decline of the French language across the country and calls for urgent action. The vitality of Alberta&#8217;s Francophonie depends in part on immigration. For more than a decade, less than 2% of the immigrants admitted each year outside Quebec were French-speaking &#8211; far from the 4.4% targeted by the federal government. However, in 2022, 1,510 French-speaking permanent residents settled in Alberta; this is double the number in 2021. Even with this increase, there are still systemic barriers that make the immigration process very difficult for those who do not have English as their first language.<\/p>\n<h6><em>Reference to read: &#8220;<\/em><a href=\"https:\/\/fcfa.ca\/wp-content\/uploads\/2022\/04\/2022-02_Rapport-FCFA-Sociopol-cibles.pdf\"><em>Faire le point sur la cible en immigration francophone : Bilan, enjeux et pistes d&#8217;action<\/em><\/a><em>&#8220;, Sociopol, study commissioned by the F\u00e9d\u00e9ration des communaut\u00e9s francophones et acadienne du Canada (In French only)<\/em><\/h6>\n<p>&nbsp;<\/p>\n<p><a href=\"https:\/\/acfa.ab.ca\/en\/provincial-elections-2023\/\">\u2196 Back to the Campaign<\/a><\/p>\n<p><a href=\"https:\/\/acfa.ab.ca\/en\/post-secondary-education-provincial-elections\/\">\u2190Previous priority\u00a0<\/a> \u00a0 \u00a0 \u00a0 \u00a0 <a href=\"https:\/\/acfa.ab.ca\/en\/health-provincial-elections\/\">Next priority \u2192<\/a><\/p>\n\t\t\t\t<\/div>\n\t\t\t<\/div>\n\t\t\t<div class=\"col-lg-6\">\n\t\t\t\t<img loading=\"lazy\" decoding=\"async\" width=\"740\" height=\"878\" src=\"https:\/\/acfa.ab.ca\/wp-content\/uploads\/2023\/05\/ACFA-elections-pro-I.jpg\" class=\"attachment-full size-full\" alt=\"\" srcset=\"https:\/\/acfa.ab.ca\/wp-content\/uploads\/2023\/05\/ACFA-elections-pro-I.jpg 740w, https:\/\/acfa.ab.ca\/wp-content\/uploads\/2023\/05\/ACFA-elections-pro-I-600x712.jpg 600w, https:\/\/acfa.ab.ca\/wp-content\/uploads\/2023\/05\/ACFA-elections-pro-I-253x300.jpg 253w\" sizes=\"auto, (max-width: 740px) 100vw, 740px\" \/>\t\t\t<\/div>\n\t\t<\/div>\n\t<\/div><!-- Mission Vision \/- -->\n\t[\/vc_column][\/vc_row][vc_row][vc_column][vc_empty_space height=&#8221;92px&#8221;][\/vc_column][\/vc_row]<\/p>\n<\/div>","protected":false},"excerpt":{"rendered":"<p>[vc_row type=&#8221;container&#8221;][vc_column][vc_column_text][\/vc_column_text][vc_empty_space height=&#8221;22px&#8221;][vc_column_text] Priority: Continue to increase Francophone immigration and ensure that sufficient resources in French are available to support reception and settlement services that facilitate the integration of Francophone newcomers. [\/vc_column_text][vc_empty_space height=&#8221;22px&#8221;][\/vc_column][\/vc_row][vc_row][vc_column][vc_empty_space height=&#8221;92px&#8221;][\/vc_column][\/vc_row]<\/p>\n","protected":false},"author":1,"featured_media":0,"parent":0,"menu_order":0,"comment_status":"closed","ping_status":"closed","template":"","meta":{"footnotes":""},"class_list":["post-6365","page","type-page","status-publish","hentry"],"yoast_head":"<!-- This site is optimized with the Yoast SEO plugin v27.3 - https:\/\/yoast.com\/product\/yoast-seo-wordpress\/ -->\n<title>Immigration - Provincial Elections - ACFA<\/title>\n<meta name=\"robots\" content=\"index, follow, max-snippet:-1, max-image-preview:large, max-video-preview:-1\" \/>\n<link rel=\"canonical\" href=\"https:\/\/acfa.ab.ca\/en\/immigration-provincial-elections\/\" \/>\n<meta property=\"og:locale\" content=\"en_US\" \/>\n<meta property=\"og:type\" content=\"article\" \/>\n<meta property=\"og:title\" content=\"Immigration - Provincial Elections - ACFA\" \/>\n<meta property=\"og:description\" content=\"[vc_row type=&#8221;container&#8221;][vc_column][vc_column_text][\/vc_column_text][vc_empty_space height=&#8221;22px&#8221;][vc_column_text] Priority: Continue to increase Francophone immigration and ensure that sufficient resources in French are available to support reception and settlement services that facilitate the integration of Francophone newcomers. [\/vc_column_text][vc_empty_space height=&#8221;22px&#8221;][\/vc_column][\/vc_row][vc_row][vc_column][vc_empty_space height=&#8221;92px&#8221;][\/vc_column][\/vc_row]\" \/>\n<meta property=\"og:url\" content=\"https:\/\/acfa.ab.ca\/en\/immigration-provincial-elections\/\" \/>\n<meta property=\"og:site_name\" content=\"ACFA\" \/>\n<meta property=\"article:modified_time\" content=\"2023-05-02T21:24:42+00:00\" \/>\n<meta property=\"og:image\" content=\"https:\/\/acfa.ab.ca\/wp-content\/uploads\/2023\/05\/ACFA_elections-BandeauWeb-Immi-scaled.jpg\" \/>\n<meta name=\"twitter:card\" content=\"summary_large_image\" \/>\n<meta name=\"twitter:label1\" content=\"Est. reading time\" \/>\n\t<meta name=\"twitter:data1\" content=\"2 minutes\" \/>\n<script type=\"application\/ld+json\" class=\"yoast-schema-graph\">{\"@context\":\"https:\\\/\\\/schema.org\",\"@graph\":[{\"@type\":\"WebPage\",\"@id\":\"https:\\\/\\\/acfa.ab.ca\\\/en\\\/immigration-provincial-elections\\\/\",\"url\":\"https:\\\/\\\/acfa.ab.ca\\\/en\\\/immigration-provincial-elections\\\/\",\"name\":\"Immigration - Provincial Elections - ACFA\",\"isPartOf\":{\"@id\":\"https:\\\/\\\/acfa.ab.ca\\\/#website\"},\"primaryImageOfPage\":{\"@id\":\"https:\\\/\\\/acfa.ab.ca\\\/en\\\/immigration-provincial-elections\\\/#primaryimage\"},\"image\":{\"@id\":\"https:\\\/\\\/acfa.ab.ca\\\/en\\\/immigration-provincial-elections\\\/#primaryimage\"},\"thumbnailUrl\":\"https:\\\/\\\/acfa.ab.ca\\\/wp-content\\\/uploads\\\/2023\\\/05\\\/ACFA_elections-BandeauWeb-Immi-scaled.jpg\",\"datePublished\":\"2023-05-01T17:26:30+00:00\",\"dateModified\":\"2023-05-02T21:24:42+00:00\",\"breadcrumb\":{\"@id\":\"https:\\\/\\\/acfa.ab.ca\\\/en\\\/immigration-provincial-elections\\\/#breadcrumb\"},\"inLanguage\":\"en-US\",\"potentialAction\":[{\"@type\":\"ReadAction\",\"target\":[\"https:\\\/\\\/acfa.ab.ca\\\/en\\\/immigration-provincial-elections\\\/\"]}]},{\"@type\":\"ImageObject\",\"inLanguage\":\"en-US\",\"@id\":\"https:\\\/\\\/acfa.ab.ca\\\/en\\\/immigration-provincial-elections\\\/#primaryimage\",\"url\":\"https:\\\/\\\/acfa.ab.ca\\\/wp-content\\\/uploads\\\/2023\\\/05\\\/ACFA_elections-BandeauWeb-Immi-scaled.jpg\",\"contentUrl\":\"https:\\\/\\\/acfa.ab.ca\\\/wp-content\\\/uploads\\\/2023\\\/05\\\/ACFA_elections-BandeauWeb-Immi-scaled.jpg\"},{\"@type\":\"BreadcrumbList\",\"@id\":\"https:\\\/\\\/acfa.ab.ca\\\/en\\\/immigration-provincial-elections\\\/#breadcrumb\",\"itemListElement\":[{\"@type\":\"ListItem\",\"position\":1,\"name\":\"Accueil\",\"item\":\"https:\\\/\\\/acfa.ab.ca\\\/en\\\/\"},{\"@type\":\"ListItem\",\"position\":2,\"name\":\"Immigration &#8211; Provincial Elections\"}]},{\"@type\":\"WebSite\",\"@id\":\"https:\\\/\\\/acfa.ab.ca\\\/#website\",\"url\":\"https:\\\/\\\/acfa.ab.ca\\\/\",\"name\":\"ACFA\",\"description\":\"Association de tous les francophones en Alberta\",\"publisher\":{\"@id\":\"https:\\\/\\\/acfa.ab.ca\\\/#organization\"},\"potentialAction\":[{\"@type\":\"SearchAction\",\"target\":{\"@type\":\"EntryPoint\",\"urlTemplate\":\"https:\\\/\\\/acfa.ab.ca\\\/?s={search_term_string}\"},\"query-input\":{\"@type\":\"PropertyValueSpecification\",\"valueRequired\":true,\"valueName\":\"search_term_string\"}}],\"inLanguage\":\"en-US\"},{\"@type\":\"Organization\",\"@id\":\"https:\\\/\\\/acfa.ab.ca\\\/#organization\",\"name\":\"ACFA : Association canadienne-fran\u00e7aise de l'Alberta\",\"url\":\"https:\\\/\\\/acfa.ab.ca\\\/\",\"logo\":{\"@type\":\"ImageObject\",\"inLanguage\":\"en-US\",\"@id\":\"https:\\\/\\\/acfa.ab.ca\\\/#\\\/schema\\\/logo\\\/image\\\/\",\"url\":\"https:\\\/\\\/acfa.ab.ca\\\/wp-content\\\/uploads\\\/2022\\\/07\\\/logo-white.png\",\"contentUrl\":\"https:\\\/\\\/acfa.ab.ca\\\/wp-content\\\/uploads\\\/2022\\\/07\\\/logo-white.png\",\"width\":3414,\"height\":1228,\"caption\":\"ACFA : Association canadienne-fran\u00e7aise de l'Alberta\"},\"image\":{\"@id\":\"https:\\\/\\\/acfa.ab.ca\\\/#\\\/schema\\\/logo\\\/image\\\/\"}}]}<\/script>\n<!-- \/ Yoast SEO plugin. -->","yoast_head_json":{"title":"Immigration - Provincial Elections - ACFA","robots":{"index":"index","follow":"follow","max-snippet":"max-snippet:-1","max-image-preview":"max-image-preview:large","max-video-preview":"max-video-preview:-1"},"canonical":"https:\/\/acfa.ab.ca\/en\/immigration-provincial-elections\/","og_locale":"en_US","og_type":"article","og_title":"Immigration - Provincial Elections - ACFA","og_description":"[vc_row type=&#8221;container&#8221;][vc_column][vc_column_text][\/vc_column_text][vc_empty_space height=&#8221;22px&#8221;][vc_column_text] Priority: Continue to increase Francophone immigration and ensure that sufficient resources in French are available to support reception and settlement services that facilitate the integration of Francophone newcomers. [\/vc_column_text][vc_empty_space height=&#8221;22px&#8221;][\/vc_column][\/vc_row][vc_row][vc_column][vc_empty_space height=&#8221;92px&#8221;][\/vc_column][\/vc_row]","og_url":"https:\/\/acfa.ab.ca\/en\/immigration-provincial-elections\/","og_site_name":"ACFA","article_modified_time":"2023-05-02T21:24:42+00:00","og_image":[{"url":"https:\/\/acfa.ab.ca\/wp-content\/uploads\/2023\/05\/ACFA_elections-BandeauWeb-Immi-scaled.jpg","type":"","width":"","height":""}],"twitter_card":"summary_large_image","twitter_misc":{"Est. reading time":"2 minutes"},"schema":{"@context":"https:\/\/schema.org","@graph":[{"@type":"WebPage","@id":"https:\/\/acfa.ab.ca\/en\/immigration-provincial-elections\/","url":"https:\/\/acfa.ab.ca\/en\/immigration-provincial-elections\/","name":"Immigration - Provincial Elections - ACFA","isPartOf":{"@id":"https:\/\/acfa.ab.ca\/#website"},"primaryImageOfPage":{"@id":"https:\/\/acfa.ab.ca\/en\/immigration-provincial-elections\/#primaryimage"},"image":{"@id":"https:\/\/acfa.ab.ca\/en\/immigration-provincial-elections\/#primaryimage"},"thumbnailUrl":"https:\/\/acfa.ab.ca\/wp-content\/uploads\/2023\/05\/ACFA_elections-BandeauWeb-Immi-scaled.jpg","datePublished":"2023-05-01T17:26:30+00:00","dateModified":"2023-05-02T21:24:42+00:00","breadcrumb":{"@id":"https:\/\/acfa.ab.ca\/en\/immigration-provincial-elections\/#breadcrumb"},"inLanguage":"en-US","potentialAction":[{"@type":"ReadAction","target":["https:\/\/acfa.ab.ca\/en\/immigration-provincial-elections\/"]}]},{"@type":"ImageObject","inLanguage":"en-US","@id":"https:\/\/acfa.ab.ca\/en\/immigration-provincial-elections\/#primaryimage","url":"https:\/\/acfa.ab.ca\/wp-content\/uploads\/2023\/05\/ACFA_elections-BandeauWeb-Immi-scaled.jpg","contentUrl":"https:\/\/acfa.ab.ca\/wp-content\/uploads\/2023\/05\/ACFA_elections-BandeauWeb-Immi-scaled.jpg"},{"@type":"BreadcrumbList","@id":"https:\/\/acfa.ab.ca\/en\/immigration-provincial-elections\/#breadcrumb","itemListElement":[{"@type":"ListItem","position":1,"name":"Accueil","item":"https:\/\/acfa.ab.ca\/en\/"},{"@type":"ListItem","position":2,"name":"Immigration &#8211; Provincial Elections"}]},{"@type":"WebSite","@id":"https:\/\/acfa.ab.ca\/#website","url":"https:\/\/acfa.ab.ca\/","name":"ACFA","description":"Association de tous les francophones en Alberta","publisher":{"@id":"https:\/\/acfa.ab.ca\/#organization"},"potentialAction":[{"@type":"SearchAction","target":{"@type":"EntryPoint","urlTemplate":"https:\/\/acfa.ab.ca\/?s={search_term_string}"},"query-input":{"@type":"PropertyValueSpecification","valueRequired":true,"valueName":"search_term_string"}}],"inLanguage":"en-US"},{"@type":"Organization","@id":"https:\/\/acfa.ab.ca\/#organization","name":"ACFA : Association canadienne-fran\u00e7aise de l'Alberta","url":"https:\/\/acfa.ab.ca\/","logo":{"@type":"ImageObject","inLanguage":"en-US","@id":"https:\/\/acfa.ab.ca\/#\/schema\/logo\/image\/","url":"https:\/\/acfa.ab.ca\/wp-content\/uploads\/2022\/07\/logo-white.png","contentUrl":"https:\/\/acfa.ab.ca\/wp-content\/uploads\/2022\/07\/logo-white.png","width":3414,"height":1228,"caption":"ACFA : Association canadienne-fran\u00e7aise de l'Alberta"},"image":{"@id":"https:\/\/acfa.ab.ca\/#\/schema\/logo\/image\/"}}]}},"_links":{"self":[{"href":"https:\/\/acfa.ab.ca\/en\/wp-json\/wp\/v2\/pages\/6365","targetHints":{"allow":["GET"]}}],"collection":[{"href":"https:\/\/acfa.ab.ca\/en\/wp-json\/wp\/v2\/pages"}],"about":[{"href":"https:\/\/acfa.ab.ca\/en\/wp-json\/wp\/v2\/types\/page"}],"author":[{"embeddable":true,"href":"https:\/\/acfa.ab.ca\/en\/wp-json\/wp\/v2\/users\/1"}],"replies":[{"embeddable":true,"href":"https:\/\/acfa.ab.ca\/en\/wp-json\/wp\/v2\/comments?post=6365"}],"version-history":[{"count":4,"href":"https:\/\/acfa.ab.ca\/en\/wp-json\/wp\/v2\/pages\/6365\/revisions"}],"predecessor-version":[{"id":6449,"href":"https:\/\/acfa.ab.ca\/en\/wp-json\/wp\/v2\/pages\/6365\/revisions\/6449"}],"wp:attachment":[{"href":"https:\/\/acfa.ab.ca\/en\/wp-json\/wp\/v2\/media?parent=6365"}],"curies":[{"name":"wp","href":"https:\/\/api.w.org\/{rel}","templated":true}]}}